{"id":140,"date":"2020-02-29T07:32:41","date_gmt":"2020-02-29T07:32:41","guid":{"rendered":"https:\/\/bpf-suedost.de\/sdb\/?page_id=140"},"modified":"2025-11-03T11:49:03","modified_gmt":"2025-11-03T10:49:03","slug":"adelsberg","status":"publish","type":"page","link":"https:\/\/bpf-suedost.de\/sdb\/adelsberg\/","title":{"rendered":"Adelsberg"},"content":{"rendered":"\n<p class=\"has-huge-font-size wp-block-paragraph\">Adelsberg<img loading=\"lazy\" decoding=\"async\" width=\"60\" height=\"54\" class=\"wp-image-37\" style=\"width: 60px;\" alt=\"\" src=\"https:\/\/bpf-suedost.de\/sdb\/wp-content\/uploads\/2020\/01\/Schmetterling.jpg\" srcset=\"https:\/\/bpf-suedost.de\/sdb\/wp-content\/uploads\/2020\/01\/Schmetterling.jpg 307w, https:\/\/bpf-suedost.de\/sdb\/wp-content\/uploads\/2020\/01\/Schmetterling-300x270.jpg 300w\" sizes=\"auto, (max-width: 60px) 100vw, 60px\" \/><\/p>\n\n\n\n<p class=\"wp-block-paragraph\"><img loading=\"lazy\" decoding=\"async\" width=\"30\" height=\"27\" class=\"wp-image-37\" style=\"width: 30px;\" src=\"https:\/\/bpf-suedost.de\/sdb\/wp-content\/uploads\/2020\/01\/Schmetterling.jpg\" alt=\"\" srcset=\"https:\/\/bpf-suedost.de\/sdb\/wp-content\/uploads\/2020\/01\/Schmetterling.jpg 307w, https:\/\/bpf-suedost.de\/sdb\/wp-content\/uploads\/2020\/01\/Schmetterling-300x270.jpg 300w\" sizes=\"auto, (max-width: 30px) 100vw, 30px\" \/> Hier finden Sie aktuelle Themen \/ Veranstaltungen, an denen in Adelsberg gearbeitet wurde  bzw. wird und die die BPF S\u00fcdost unterst\u00fctzt:<\/p>\n\n\n\n<ul class=\"wp-block-list\">\n<li>Herbstfest mit Seniorengruppe Adelsberg Oktober 2023<\/li>\n\n\n\n<li>Adelsberger Kirmes am 14.10.2023<\/li>\n\n\n\n<li>Monatlich heimatlicher Stammtisch Adelsberg in der Gastst\u00e4tte &#8222;Zur Turnhalle&#8220;<\/li>\n\n\n\n<li>Haltestelle GS Adelsberg &#8211; Aufstellung Telefonzelle f\u00fcr B\u00fcchertausch 2024  <mark style=\"background-color:rgba(0, 0, 0, 0)\" class=\"has-inline-color has-vivid-cyan-blue-color\">START\/ZIEL &#8222;Chemnitzer H\u00f6henweg&#8220;<\/mark> und neue Bank vor der Schule<\/li>\n\n\n\n<li>Errichtung Wetterpilz mit Sitzgelegenheiten 2024  <mark style=\"background-color:rgba(0, 0, 0, 0)\" class=\"has-inline-color has-vivid-cyan-blue-color\">Station &#8222;Chemnitzer H\u00f6henweg&#8220;<\/mark><\/li>\n\n\n\n<li>150 Jahrfeier Freiwillige Feuerwehr Adelsberg<\/li>\n\n\n\n<li>Nimm Platz 2020 &#8211; Georgiepark<\/li>\n\n\n\n<li>Beleuchtung Breitenlehn<\/li>\n\n\n\n<li>Bebauung Walter-Janka-Stra\u00dfe<\/li>\n\n\n\n<li>Weiterbau S\u00fcdverbund<\/li>\n\n\n\n<li>Sanierung Grundschule Adelsberg<\/li>\n\n\n\n<li>Bedarfsanalyse Nahverkehr<\/li>\n\n\n\n<li>L\u00e4rmschutz<\/li>\n\n\n\n<li>Gestaltung der Gr\u00fcnfl\u00e4che zwischen Sparkasse und Turnhalle<\/li>\n\n\n\n<li>Kulturscheune Adelsberg<\/li>\n<\/ul>\n\n\n\n<p class=\"wp-block-paragraph\"><img loading=\"lazy\" decoding=\"async\" width=\"30\" height=\"27\" class=\"wp-image-37\" style=\"width: 30px;\" src=\"https:\/\/bpf-suedost.de\/sdb\/wp-content\/uploads\/2020\/01\/Schmetterling.jpg\" alt=\"\" srcset=\"https:\/\/bpf-suedost.de\/sdb\/wp-content\/uploads\/2020\/01\/Schmetterling.jpg 307w, https:\/\/bpf-suedost.de\/sdb\/wp-content\/uploads\/2020\/01\/Schmetterling-300x270.jpg 300w\" sizes=\"auto, (max-width: 30px) 100vw, 30px\" \/><strong> Mitglieder Steuerungsgruppe f\u00fcr Adelsberg:<\/strong><\/p>\n\n\n\n<ul class=\"wp-block-list\">\n<li>Matthias Eberlein (ruhend, da ab 2024 Koordinator der Steuerungsgruppe)<\/li>\n\n\n\n<li>Frank Heymann<\/li>\n<\/ul>\n\n\n\n<p class=\"wp-block-paragraph\"> <img loading=\"lazy\" decoding=\"async\" width=\"30\" height=\"27\" class=\"wp-image-37\" style=\"width: 30px;\" src=\"https:\/\/bpf-suedost.de\/sdb\/wp-content\/uploads\/2020\/01\/Schmetterling.jpg\" alt=\"\" srcset=\"https:\/\/bpf-suedost.de\/sdb\/wp-content\/uploads\/2020\/01\/Schmetterling.jpg 307w, https:\/\/bpf-suedost.de\/sdb\/wp-content\/uploads\/2020\/01\/Schmetterling-300x270.jpg 300w\" sizes=\"auto, (max-width: 30px) 100vw, 30px\" \/> <strong>In Adelsberg durch die B\u00fcrgerplattform gef\u00f6rdert wurden:<\/strong><\/p>\n\n\n\n<ul class=\"wp-block-list\">\n<li>Seniorennachmittag 2025<\/li>\n\n\n\n<li>Dorffest 2025 <\/li>\n\n\n\n<li>H\u00f6henfeuerwerk zur Kirmes 2025<\/li>\n\n\n\n<li><strong>Pyramidenanschieben \/ Adelsberger Advent<\/strong> <strong>202<\/strong>5<\/li>\n<\/ul>\n\n\n\n<p class=\"wp-block-paragraph\"><\/p>\n\n\n\n<figure class=\"wp-block-image size-large is-resized\"><img loading=\"lazy\" decoding=\"async\" width=\"1024\" height=\"726\" src=\"https:\/\/bpf-suedost.de\/sdb\/wp-content\/uploads\/2023\/12\/WhatsApp-Bild-2023-12-16-um-18.59.27_01b1213a-1024x726.jpg\" alt=\"\" class=\"wp-image-789\" style=\"width:784px;height:auto\" srcset=\"https:\/\/bpf-suedost.de\/sdb\/wp-content\/uploads\/2023\/12\/WhatsApp-Bild-2023-12-16-um-18.59.27_01b1213a-1024x726.jpg 1024w, https:\/\/bpf-suedost.de\/sdb\/wp-content\/uploads\/2023\/12\/WhatsApp-Bild-2023-12-16-um-18.59.27_01b1213a-300x213.jpg 300w, https:\/\/bpf-suedost.de\/sdb\/wp-content\/uploads\/2023\/12\/WhatsApp-Bild-2023-12-16-um-18.59.27_01b1213a-768x545.jpg 768w, https:\/\/bpf-suedost.de\/sdb\/wp-content\/uploads\/2023\/12\/WhatsApp-Bild-2023-12-16-um-18.59.27_01b1213a-1536x1089.jpg 1536w, https:\/\/bpf-suedost.de\/sdb\/wp-content\/uploads\/2023\/12\/WhatsApp-Bild-2023-12-16-um-18.59.27_01b1213a-1523x1080.jpg 1523w, https:\/\/bpf-suedost.de\/sdb\/wp-content\/uploads\/2023\/12\/WhatsApp-Bild-2023-12-16-um-18.59.27_01b1213a.jpg 2048w\" sizes=\"auto, (max-width: 1024px) 100vw, 1024px\" \/><\/figure>\n\n\n<p><strong>Adelsberger Advent 2023<\/strong><\/p>\n<\/p>\n\n\n<figure class=\"wp-block-image size-large is-resized\"><img loading=\"lazy\" decoding=\"async\" width=\"1024\" height=\"461\" src=\"https:\/\/bpf-suedost.de\/sdb\/wp-content\/uploads\/2023\/12\/WhatsApp-Bild-2023-12-16-um-19.00.04_0b3ee664-1024x461.jpg\" alt=\"\" class=\"wp-image-790\" style=\"width:786px;height:auto\" srcset=\"https:\/\/bpf-suedost.de\/sdb\/wp-content\/uploads\/2023\/12\/WhatsApp-Bild-2023-12-16-um-19.00.04_0b3ee664-1024x461.jpg 1024w, https:\/\/bpf-suedost.de\/sdb\/wp-content\/uploads\/2023\/12\/WhatsApp-Bild-2023-12-16-um-19.00.04_0b3ee664-300x135.jpg 300w, https:\/\/bpf-suedost.de\/sdb\/wp-content\/uploads\/2023\/12\/WhatsApp-Bild-2023-12-16-um-19.00.04_0b3ee664-768x346.jpg 768w, https:\/\/bpf-suedost.de\/sdb\/wp-content\/uploads\/2023\/12\/WhatsApp-Bild-2023-12-16-um-19.00.04_0b3ee664-1536x691.jpg 1536w, https:\/\/bpf-suedost.de\/sdb\/wp-content\/uploads\/2023\/12\/WhatsApp-Bild-2023-12-16-um-19.00.04_0b3ee664.jpg 1600w\" sizes=\"auto, (max-width: 1024px) 100vw, 1024px\" \/><\/figure>\n\n\n\n<p class=\"wp-block-paragraph\"><\/p>\n\n\n\n<figure class=\"wp-block-image size-large is-resized\"><img loading=\"lazy\" decoding=\"async\" width=\"1024\" height=\"461\" src=\"https:\/\/bpf-suedost.de\/sdb\/wp-content\/uploads\/2023\/12\/WhatsApp-Bild-2023-12-16-um-19.00.20_99c9b824-1024x461.jpg\" alt=\"\" class=\"wp-image-812\" style=\"width:790px;height:auto\" srcset=\"https:\/\/bpf-suedost.de\/sdb\/wp-content\/uploads\/2023\/12\/WhatsApp-Bild-2023-12-16-um-19.00.20_99c9b824-1024x461.jpg 1024w, https:\/\/bpf-suedost.de\/sdb\/wp-content\/uploads\/2023\/12\/WhatsApp-Bild-2023-12-16-um-19.00.20_99c9b824-300x135.jpg 300w, https:\/\/bpf-suedost.de\/sdb\/wp-content\/uploads\/2023\/12\/WhatsApp-Bild-2023-12-16-um-19.00.20_99c9b824-768x346.jpg 768w, https:\/\/bpf-suedost.de\/sdb\/wp-content\/uploads\/2023\/12\/WhatsApp-Bild-2023-12-16-um-19.00.20_99c9b824-1536x691.jpg 1536w, https:\/\/bpf-suedost.de\/sdb\/wp-content\/uploads\/2023\/12\/WhatsApp-Bild-2023-12-16-um-19.00.20_99c9b824.jpg 1600w\" sizes=\"auto, (max-width: 1024px) 100vw, 1024px\" \/><\/figure>\n","protected":false},"excerpt":{"rendered":"<p>Adelsberg Hier finden Sie aktuelle Themen \/ Veranstaltungen, an denen in Adelsberg gearbeitet wurde bzw. wird und die die BPF S\u00fcdost unterst\u00fctzt: Mitglieder Steuerungsgruppe f\u00fcr Adelsberg: In Adelsberg durch die [&hellip;]<\/p>\n","protected":false},"author":2,"featured_media":0,"parent":0,"menu_order":0,"comment_status":"closed","ping_status":"closed","template":"","meta":{"_crdt_document":"","_uag_custom_page_level_css":"","_themeisle_gutenberg_block_has_review":false,"footnotes":""},"class_list":["post-140","page","type-page","status-publish","hentry"],"blocksy_meta":[],"uagb_featured_image_src":{"full":false,"thumbnail":false,"medium":false,"medium_large":false,"large":false,"1536x1536":false,"2048x2048":false},"uagb_author_info":{"display_name":"admin","author_link":"https:\/\/bpf-suedost.de\/sdb\/author\/admin\/"},"uagb_comment_info":0,"uagb_excerpt":"Adelsberg Hier finden Sie aktuelle Themen \/ Veranstaltungen, an denen in Adelsberg gearbeitet wurde bzw. wird und die die BPF S\u00fcdost unterst\u00fctzt: Mitglieder Steuerungsgruppe f\u00fcr Adelsberg: In Adelsberg durch die [&hellip;]","_links":{"self":[{"href":"https:\/\/bpf-suedost.de\/sdb\/wp-json\/wp\/v2\/pages\/140","targetHints":{"allow":["GET"]}}],"collection":[{"href":"https:\/\/bpf-suedost.de\/sdb\/wp-json\/wp\/v2\/pages"}],"about":[{"href":"https:\/\/bpf-suedost.de\/sdb\/wp-json\/wp\/v2\/types\/page"}],"author":[{"embeddable":true,"href":"https:\/\/bpf-suedost.de\/sdb\/wp-json\/wp\/v2\/users\/2"}],"replies":[{"embeddable":true,"href":"https:\/\/bpf-suedost.de\/sdb\/wp-json\/wp\/v2\/comments?post=140"}],"version-history":[{"count":39,"href":"https:\/\/bpf-suedost.de\/sdb\/wp-json\/wp\/v2\/pages\/140\/revisions"}],"predecessor-version":[{"id":1209,"href":"https:\/\/bpf-suedost.de\/sdb\/wp-json\/wp\/v2\/pages\/140\/revisions\/1209"}],"wp:attachment":[{"href":"https:\/\/bpf-suedost.de\/sdb\/wp-json\/wp\/v2\/media?parent=140"}],"curies":[{"name":"wp","href":"https:\/\/api.w.org\/{rel}","templated":true}]}}